{"id":556,"date":"2024-02-29T07:49:26","date_gmt":"2024-02-29T07:49:26","guid":{"rendered":"https:\/\/feministnow.org\/newsite\/?post_type=project&#038;p=556"},"modified":"2024-07-05T06:08:37","modified_gmt":"2024-07-05T06:08:37","slug":"laction-communautaire-pour-le-bien-etre-de-lenfant-et-de-la-femme-au-burkina-abefab","status":"publish","type":"project","link":"https:\/\/feministnow.org\/fr\/project\/laction-communautaire-pour-le-bien-etre-de-lenfant-et-de-la-femme-au-burkina-abefab\/","title":{"rendered":"L\u2019Action Communautaire pour le Bien-\u00eatre de l\u2019Enfant et de la Femme au Burkina (ABEFAB)"},"content":{"rendered":"<p>L&#8217;objectif principal de l&#8217;ABEFAB est de renforcer les capacit\u00e9s communautaires, avec un accent particulier sur les femmes, \u00e0 travers la formation et l&#8217;accompagnement dans quatre domaines prioritaires : la sant\u00e9, l&#8217;\u00e9ducation, le d\u00e9veloppement \u00e9conomique et les droits humains. L&#8217;association est n\u00e9e de la volont\u00e9 de femmes et de jeunes filles de se rassembler pour apporter leur contribution au d\u00e9veloppement du Burkina Faso \u00e0 travers une action communautaire inclusive pour un monde plus \u00e9quitable et plus juste o\u00f9 les droits et la dignit\u00e9 des femmes sont respect\u00e9s.<\/p>\n","protected":false},"featured_media":614,"parent":0,"menu_order":0,"template":"","region":[3,9],"class_list":["post-556","project","type-project","status-publish","has-post-thumbnail","hentry","region-africa","region-burkina-faso","entry"],"acf":[],"_links":{"self":[{"href":"https:\/\/feministnow.org\/fr\/wp-json\/wp\/v2\/project\/556","targetHints":{"allow":["GET"]}}],"collection":[{"href":"https:\/\/feministnow.org\/fr\/wp-json\/wp\/v2\/project"}],"about":[{"href":"https:\/\/feministnow.org\/fr\/wp-json\/wp\/v2\/types\/project"}],"wp:featuredmedia":[{"embeddable":true,"href":"https:\/\/feministnow.org\/fr\/wp-json\/wp\/v2\/media\/614"}],"wp:attachment":[{"href":"https:\/\/feministnow.org\/fr\/wp-json\/wp\/v2\/media?parent=556"}],"wp:term":[{"taxonomy":"region","embeddable":true,"href":"https:\/\/feministnow.org\/fr\/wp-json\/wp\/v2\/region?post=556"}],"curies":[{"name":"wp","href":"https:\/\/api.w.org\/{rel}","templated":true}]}}